{"id":3677,"date":"2026-07-17T08:54:48","date_gmt":"2026-07-17T05:54:48","guid":{"rendered":"https:\/\/andritsaina.site\/?post_type=new&#038;p=3677"},"modified":"2026-07-17T09:28:51","modified_gmt":"2026-07-17T06:28:51","slug":"socrate-malamas-krestena-synavlia","status":"publish","type":"new","link":"https:\/\/andritsaina.site\/fr\/new\/sokratis-malamas-krestena-synavlia\/","title":{"rendered":"Socrates Malamas \u00e0 Krestena \u2013 Nous avons une\u2026 \u00ab Lettre \u00bb pour vous !"},"content":{"rendered":"<p class=\"wp-block-paragraph\"><strong>Le concert de Socrates Malamas \u00e0 Krestena est l&#039;un des plus importants de cet \u00e9t\u00e9 \u00e0 Ilia.<\/strong>,une soir\u00e9e \u00e0 ne surtout pas manquer.<\/p>\n\n\n\n<p class=\"wp-block-paragraph\">Nous en avons un <strong>\u00ab&quot;Lettre&quot;\u00bb<\/strong> pour vous... et il est dit que le <strong>Mardi 11 ao\u00fbt<\/strong>, la bien-aim\u00e9e <strong>Socrate Malamas<\/strong> monte sur la sc\u00e8ne du Centre culturel <strong>\u00abFestival du raisin\u00bb<\/strong> dans le <strong>Krestena<\/strong>, ainsi que l&#039;excellent <strong>Julia Karapataki<\/strong> et lui <strong>Yannis Malamas<\/strong>.<\/p>\n\n\n\n<p class=\"wp-block-paragraph\">Et bien s\u00fbr, l&#039;invitation s&#039;adresse \u00e0 tout le monde. <strong><a href=\"https:\/\/www.youtube.com\/watch?v=2qCzf347xEA\" data-type=\"link\" data-id=\"https:\/\/www.youtube.com\/watch?v=2qCzf347xEA\" rel=\"noopener\">\u00ab&quot;Princesse&quot;\u00bb<\/a><\/strong>. \u00c0 tous ceux qui aiment les concerts d&#039;\u00e9t\u00e9, \u00e0 ceux qui associent ses chansons \u00e0 de beaux moments, aux voyages, \u00e0 l&#039;amour et aux soir\u00e9es entre amis. Car les concerts de Socrates Malamas ne sont pas de simples prestations musicales\u00a0; ce sont des soir\u00e9es que l&#039;on vit et dont on se souvient.<\/p>\n\n\n\n<p class=\"wp-block-paragraph\">OU <strong>Julia Karapataki<\/strong>, avec sa voix si particuli\u00e8re et sa pr\u00e9sence sc\u00e9nique unique, a conquis le public avec des chansons telles que <strong>\u00ab<a href=\"https:\/\/www.youtube.com\/watch?v=TTjC0EGoO-I\" data-type=\"link\" data-id=\"https:\/\/www.youtube.com\/watch?v=TTjC0EGoO-I\" rel=\"noopener\">F\u00eate&quot;\u00bb<\/a><\/strong> et le <strong>\u00ab&quot;Banistertzo&quot;\u00bb<\/strong>, qui sont devenues des incontournables de ses concerts et promettent de donner leur propre rythme \u00e0 la soir\u00e9e.<\/p>\n\n\n\n<p class=\"wp-block-paragraph\">Si vous habitez \u00e0 Andritsaina ou si vous venez dans la r\u00e9gion pour les vacances, <strong>Concert de Socrates Malamas \u00e0 Krestena<\/strong> C&#039;est l&#039;occasion id\u00e9ale pour une belle sortie estivale. \u00c0 moins d&#039;une demi-heure d&#039;Andritsaina, vous pouvez combiner une exp\u00e9rience musicale unique avec une promenade dans la charmante ville de Krestena ou une journ\u00e9e d&#039;exploration de la r\u00e9gion d&#039;Ilia.<\/p>\n\n\n\n<p class=\"wp-block-paragraph\">C&#039;est une de ces soir\u00e9es qui commence par un concert et se transforme en souvenir. Avec des chansons que nous avons tous fredonn\u00e9es, une sc\u00e8ne charg\u00e9e d&#039;\u00e9motion et l&#039;atmosph\u00e8re unique que Socrates Malamas cr\u00e9e \u00e0 chaque fois, accompagn\u00e9 d&#039;Ioulia Karapataki et Yiannis Malamas.<\/p>\n\n\n\n<h3 class=\"wp-block-heading\"><strong>Informations sur l&#039;\u00e9v\u00e9nement<\/strong><\/h3>\n\n\n\n<p class=\"wp-block-paragraph\">\ud83d\udcc5 <strong>Date:<\/strong> Mardi 11 ao\u00fbt 2026<br>\ud83d\udd58 <strong>Heure de d\u00e9but :<\/strong> 21:00<br>\ud83d\udccd <strong>Espace:<\/strong> Centre Culturel &quot;F\u00eate du Raisin&quot;, Krestena, Ilia<\/p>\n\n\n\n<p class=\"wp-block-paragraph\"><strong>\ud83c\udf9f\ufe0f Pr\u00e9vente\u00a0:<\/strong> 18 \u20ac<\/p>\n\n\n\n<p class=\"wp-block-paragraph\">Si vous vous trouvez \u00e0 Ilia durant cette p\u00e9riode, gardez votre soir\u00e9e libre. Venez accompagn\u00e9(e), laissez-vous porter par la musique et offrez-vous, gr\u00e2ce \u00e0 Socrates Malamas, une de ces soir\u00e9es qui, \u00e0 l&#039;instar de ses chansons, restent grav\u00e9es dans les m\u00e9moires.<\/p>\n\n\n\n<p class=\"wp-block-paragraph\"><strong>\ud83c\udf9f\ufe0f Billets\u00a0:<\/strong> La pr\u00e9vente a commenc\u00e9 \u00e0 un prix donn\u00e9 <strong>18\u20ac<\/strong> et s&#039;effectue via la plateforme <a href=\"http:\/\/More.com\" rel=\"noopener\"><strong>More.com<\/strong><\/a>. Il est conseill\u00e9 aux personnes int\u00e9ress\u00e9es de r\u00e9server leur place \u00e0 l&#039;avance, car le concert devrait attirer un grand nombre de visiteurs de toute la r\u00e9gion d&#039;Ilia et du P\u00e9loponn\u00e8se.<\/p>\n\n\n\n<p class=\"wp-block-paragraph\"><\/p>","protected":false},"featured_media":3680,"template":"","meta":{"_acf_changed":false},"class_list":["post-3677","new","type-new","status-publish","has-post-thumbnail","hentry"],"acf":[],"_links":{"self":[{"href":"https:\/\/andritsaina.site\/fr\/wp-json\/wp\/v2\/new\/3677","targetHints":{"allow":["GET"]}}],"collection":[{"href":"https:\/\/andritsaina.site\/fr\/wp-json\/wp\/v2\/new"}],"about":[{"href":"https:\/\/andritsaina.site\/fr\/wp-json\/wp\/v2\/types\/new"}],"wp:featuredmedia":[{"embeddable":true,"href":"https:\/\/andritsaina.site\/fr\/wp-json\/wp\/v2\/media\/3680"}],"wp:attachment":[{"href":"https:\/\/andritsaina.site\/fr\/wp-json\/wp\/v2\/media?parent=3677"}],"curies":[{"name":"wp","href":"https:\/\/api.w.org\/{rel}","templated":true}]}}